{"id":18606,"date":"2026-06-29T21:15:54","date_gmt":"2026-06-29T19:15:54","guid":{"rendered":"https:\/\/symbolicthinking.net\/?post_type=event&#038;p=18606"},"modified":"2026-06-29T21:18:08","modified_gmt":"2026-06-29T19:18:08","slug":"cesta-na-sri-lanku-2027","status":"publish","type":"event","link":"https:\/\/symbolicthinking.net\/cs\/event\/cesta-na-sri-lanku-2027\/","title":{"rendered":"Cesta na Sri Lanku 2027"},"content":{"rendered":"\n<p class=\"wp-block-paragraph\">Mil\u00ed p\u0159\u00e1tel\u00e9 a zv\u00eddav\u00ed hleda\u010di,<\/p>\n\n\n\n<p class=\"wp-block-paragraph\">Pro rok 2027 jsem pro v\u00e1s se spolupracovn\u00edky p\u0159ipravila nab\u00eddku na z\u00e1jezd na Sr\u00ed Lanku. Nab\u00eddka je z\u00e1jezd v d\u00e9lce 16 dn\u00ed \/ 14 noc\u00ed, kter\u00fd je kombinac\u00ed \u010dty\u0159denn\u00edho turistick\u00e9ho cestovan\u00ed po ostrov\u011b a desetidenn\u00edho pobytu na oce\u00e1nu, s jedn\u00edm celodenn\u00edm v\u00fdletem pl\u00e1novan\u00fdm b\u011bhem pobytu na oce\u00e1nu. C\u00edlem je str\u00e1vit p\u0159\u00edjemn\u00fd \u010das cestov\u00e1n\u00edm, odpo\u010dinkem a spole\u010dn\u00fdm u\u010den\u00edm.<\/p>\n\n\n\n<p class=\"wp-block-paragraph\">B\u011bhem pobytu na oce\u00e1nu je pl\u00e1nov\u00e1no, \u017ee r\u00e1no budeme cvi\u010dit j\u00f3gu a prov\u00e1d\u011bt pr\u00e1n\u00e1j\u00e1mu a ritu\u00e1l Pozdravu Slunci. Je mo\u017en\u00e9, zorganizovat dodate\u010dn\u00ed lekce j\u00f3gy s jog\u00ednem, kter\u00e9ho zn\u00e1m. B\u011bhem pobytu na oce\u00e1nu se budou ka\u017ed\u00fd den konat interaktivn\u00ed p\u0159edn\u00e1\u0161ky zalo\u017een\u00e9 na astrologii, mo\u017en\u00e1 t\u00e9mata jsou: v\u00fdznam inkarnace, v\u00fdznam karmy a dharmy v horoskopu, partnersk\u00e9 vztahy, l\u00e1ska b\u011bhem zatm\u011bn\u00ed ve Lvu a Vodn\u00e1\u0159i, v\u00fdznam trojice v hinduistick\u00e9 filozofii a astrologii atd. (seznam t\u00e9mat bude p\u0159ipraven, budeme pracovat dle v\u00fdb\u011bru \u00fa\u010dastn\u00edk\u016f z\u00e1jezdu). B\u011bhem ka\u017ed\u00e9 lekce budou (pokud si to p\u0159ej\u00ed) komentov\u00e1ny horoskopy \u00fa\u010dastn\u00edk\u016f z\u00e1jezdu. V\u0161ichni \u00fa\u010dastn\u00edci jsou zv\u00e1ni, aby se do skupiny zapojili, pokud n\u00e1s cht\u011bj\u00ed n\u011bco nau\u010dit.<\/p>\n\n\n\n<p class=\"wp-block-paragraph\">D\u00e1le je mo\u017en\u00e9 organizovat krat\u0161\u00ed v\u00fdlety t\u00e9m\u011b\u0159 ka\u017ed\u00fd den v okol\u00ed Bentoty a nav\u0161t\u00edvit parky, pam\u011btn\u00ed domy, vo\u0148av\u00e9 zahrady atd. Milovn\u00edci mas\u00e1\u017e\u00ed budou m\u00edt mnoho p\u0159\u00edle\u017eitost\u00ed k relaxaci, m\u016f\u017eeme doporu\u010dit osv\u011bd\u010den\u00e9 mas\u00e9ry. Na tomto magick\u00e9m ostrov\u011b si m\u016f\u017eete koupit \u010daje, ko\u0159en\u00ed, n\u00e1dhern\u00e9 suven\u00fdry, letn\u00ed oble\u010den\u00ed, barevn\u00e9 s\u00e1r\u00ed a \u0161perky.<\/p>\n\n\n\n<p class=\"wp-block-paragraph\"><strong>Z\u00e1jezd doporu\u010duji lidem, kte\u0159\u00ed se zaj\u00edmaj\u00ed o Sr\u00ed Lanku<\/strong>, star\u00e1 m\u011bsta, exotickou p\u0159\u00edrodu, slony, buddhistick\u00e9 chr\u00e1my, v\u00fdrobu \u010daje, ko\u0159en\u00ed a textili\u00ed, proch\u00e1zky po dlouh\u00fdch p\u00edse\u010dn\u00fdch pl\u00e1\u017e\u00edch, cvi\u010den\u00ed, p\u0159edn\u00e1\u0161ky o astrologii a t\u011bm, kte\u0159\u00ed cht\u011bj\u00ed a v\u011bd\u00ed, jak spolupracovat se skupinou a z\u00e1rove\u0148 tr\u00e1vit \u010das v samot\u011b.<\/p>\n\n\n\n<p class=\"wp-block-paragraph\">Ubytov\u00e1n\u00ed je v hotelech st\u0159edn\u00ed t\u0159\u00eddy, ale zat\u00edm nebylo (do z\u00e1\u0159\u00ed) rozhodnuto, ve kter\u00e9m hotelu u oce\u00e1nu se ubytujeme, proto\u017ee preferovan\u00fd hotel (<em>The Palms<\/em>) se rekonstruuje. Ka\u017edop\u00e1dn\u011b oba nab\u00edzen\u00e9 hotely byly ov\u011b\u0159eny. Nab\u00edz\u00edme dvoul\u016f\u017ekov\u00e9 a jednol\u016f\u017ekov\u00e9 pokoje (v\u00fdrazn\u011b dra\u017e\u0161\u00ed). Pokud chcete sd\u00edlet pokoj s nezn\u00e1mou osobou, doporu\u010duji se p\u0159ed cestou sezn\u00e1mit (mohu zprost\u0159edkovat).<\/p>\n\n\n\n<p class=\"wp-block-paragraph\">Z\u00e1loha se plat\u00ed p\u0159edem, \u010din\u00ed 40 % z celkov\u00e9 \u010d\u00e1stky, zbytek pen\u011bz se plat\u00ed m\u011bs\u00edc p\u0159ed odjezdem. Z\u00e1loha se vrac\u00ed pouze v p\u0159\u00edpad\u011b, \u017ee se cel\u00fd z\u00e1jezd z jak\u00e9hokoli d\u016fvodu nezda\u0159\u00ed, nevrac\u00ed se, pokud n\u011bkdo zru\u0161\u00ed z\u00e1jezd z osobn\u00edch d\u016fvod\u016f. Podrobnosti uvid\u00edte v popisu z\u00e1jezdu. N\u00ed\u017ee uvid\u00edte, \u017ee cena lekc\u00ed Tatjani Mici\u0107 nen\u00ed zahrnuta, plat\u00ed se m\u011bs\u00edc p\u0159edem na \u00fa\u010det, kter\u00fd obdr\u017e\u00edte v\u010das (v\u00fduka se tedy nehrad\u00ed na \u00fa\u010det agentury).<\/p>\n\n\n\n<p class=\"wp-block-paragraph\">O turistickou \u010d\u00e1st na\u0161eho z\u00e1jezdu se postar\u00e1 \u010desk\u00e1 agentura G02. Pro podrobnosti o ubytov\u00e1n\u00ed, n\u00e1kupu vstupenek, platb\u00e1ch atd. kontaktujte na\u0161i organiz\u00e1torku Veru Kusu. Pro obecn\u00e9 informace m\u011b m\u016f\u017eete tak\u00e9 kontaktovat:<\/p>\n\n\n\n<p class=\"wp-block-paragraph\"><strong>Tatjana Mici\u0107 <\/strong>Telefon, whatsapp, viber: +420&nbsp;608&nbsp;123&nbsp;288<\/p>\n\n\n\n<p class=\"wp-block-paragraph\">email: <a href=\"mailto:tmicic.st@gmail.com\">tmicic.st@gmail.com<\/a><\/p>\n\n\n\n<p class=\"wp-block-paragraph\"><strong>Vjera Kusa<\/strong> Telefon, whatsapp: + 420 778 005&nbsp;089<\/p>\n\n\n\n<p class=\"wp-block-paragraph\">email: <a href=\"mailto:vera.kusa@ckgo2.cz\">vera.kusa@ckgo2.cz<\/a> &nbsp;<\/p>\n\n\n\n<p class=\"wp-block-paragraph\">WEB agnecije: <a href=\"https:\/\/www.ckgo2.cz\/\" target=\"_blank\" rel=\"noopener\">https:\/\/www.ckgo2.cz\/<\/a> <strong>&nbsp;&nbsp;<\/strong>i <a href=\"https:\/\/www.maledivy-sri-lanka.cz\/\" target=\"_blank\" rel=\"noopener\">https:\/\/www.maledivy-sri-lanka.cz\/<\/a><\/p>\n\n\n\n<p class=\"wp-block-paragraph\">Po zaplacen\u00ed z\u00e1lohy m\u011b kontaktujte, abych v\u00e1s mohla p\u0159idat do na\u0161\u00ed skupiny na WhatsAppu, kde budete v kontaktu s ostatn\u00edmi \u010dleny skupiny.<\/p>\n\n\n\n<p class=\"wp-block-paragraph\">T\u011b\u0161\u00edm se na na\u0161i spole\u010dnou cestu a roz\u0161\u00ed\u0159en\u00ed na\u0161ich obzor\u016f \ud83d\ude0a<\/p>\n\n\n<div class=\"mb-4\"><img loading=\"lazy\" decoding=\"async\" width=\"1600\" height=\"228\" src=\"https:\/\/symbolicthinking.net\/wp-content\/uploads\/cestovni-kalendar.jpg\" class=\"img-fluid\" alt=\"\" srcset=\"https:\/\/symbolicthinking.net\/wp-content\/uploads\/cestovni-kalendar.jpg 1600w, https:\/\/symbolicthinking.net\/wp-content\/uploads\/cestovni-kalendar-576x82.jpg 576w, https:\/\/symbolicthinking.net\/wp-content\/uploads\/cestovni-kalendar-1320x188.jpg 1320w, https:\/\/symbolicthinking.net\/wp-content\/uploads\/cestovni-kalendar-320x46.jpg 320w, https:\/\/symbolicthinking.net\/wp-content\/uploads\/cestovni-kalendar-768x109.jpg 768w, https:\/\/symbolicthinking.net\/wp-content\/uploads\/cestovni-kalendar-1536x219.jpg 1536w\" sizes=\"auto, (max-width: 1600px) 100vw, 1600px\" \/><\/div>\n\n\n<h2 class=\"wp-block-heading\">Nab\u00eddka z\u00e1jezdu od GO2:<\/h2>\n\n\n\n<p class=\"wp-block-paragraph\"><strong>T<\/strong><strong>erm\u00edn: 20.1. &#8211; 4.2.2027<\/strong> (16 DN\u00cd\/14 NOC\u00cd)<\/p>\n\n\n\n<p class=\"wp-block-paragraph\">&nbsp;<strong>NEJV\u011aT\u0160\u00cd ZAJ\u00cdMAVOSTI SR\u00cd LANKY<\/strong><\/p>\n\n\n\n<ul class=\"wp-block-list mb-5\">\n<li>tajemn\u00e1 skaln\u00ed pevnost Sigiriya (UNESCO)<\/li>\n\n\n\n<li>jeskynn\u00ed chr\u00e1my v Dambulle (UNESCO)<\/li>\n\n\n\n<li>slon\u00ed safari v n\u00e1rodn\u00edm parku<\/li>\n\n\n\n<li>kr\u00e1lovsk\u00e9 m\u011bsto Kandy se slavn\u00fdm Chr\u00e1mem Buddhova zubu (UNESCO)<\/li>\n\n\n\n<li>relaxace na pl\u00e1\u017ei Indick\u00e9ho oce\u00e1nu<\/li>\n<\/ul>\n\n\n\n<h2 class=\"wp-block-heading\">ITINER\u00c1\u0158 \u2013 TABULKA <\/h2>\n\n\n\n<figure class=\"wp-block-table small is-style-stripes mb-5\"><table><thead><tr><th>Datum<\/th><th>Po\u010det dn\u00ed<\/th><th>Destinace<\/th><\/tr><\/thead><tbody><tr><td>20.01.2027<\/td><td>1<\/td><td>ODLET Z PRAHY NA SR\u00cd LANKU<\/td><\/tr><tr><td>21.01.2027<\/td><td>2<\/td><td>P\u0158\u00cdLET NA SR\u00cd LANKU, NEGOMBO<\/td><\/tr><tr><td>22.01.2027<\/td><td>3<\/td><td>SKALN\u00cd CHR\u00c1M DAMBULLA<\/td><\/tr><tr><td>23.01.2027<\/td><td>4<\/td><td>SIGIRIYA, KANDY<\/td><\/tr><tr><td>24.01.2027<\/td><td>5<\/td><td>TOV\u00c1RNA NA \u010cAJ A P\u0158EJEZD NA PL\u00c1\u017d<\/td><\/tr><tr><td>25.01.2027<\/td><td>6<\/td><td>RELAXACE NA PL\u00c1\u017dI<\/td><\/tr><tr><td>26.01.2027<\/td><td>7<\/td><td>RELAXACE NA PL\u00c1\u017dI<\/td><\/tr><tr><td>27.01.2027<\/td><td>8<\/td><td>RELAXACE NA PL\u00c1\u017dI<\/td><\/tr><tr><td>28.01.2027<\/td><td>9<\/td><td>RELAXACE NA PL\u00c1\u017dI<\/td><\/tr><tr><td>29.01.2027<\/td><td>10<\/td><td>RELAXACE NA PL\u00c1\u017dI<\/td><\/tr><tr><td>30.01.2027<\/td><td>11<\/td><td>V\u00ddLET DO GALLE, PROHL\u00cdDKA M\u011aSTA<\/td><\/tr><tr><td>31.01.2027<\/td><td>12<\/td><td>RELAXACE NA PL\u00c1\u017dI<\/td><\/tr><tr><td>01.02.2027<\/td><td>13<\/td><td>RELAXACE NA PL\u00c1\u017dI<\/td><\/tr><tr><td>02.02.2027<\/td><td>14<\/td><td>RELAXACE NA PL\u00c1\u017dI<\/td><\/tr><tr><td>03.02.2027<\/td><td>15<\/td><td>RELAXACE NA PL\u00c1\u017dI<\/td><\/tr><tr><td>04.02.2027<\/td><td>16<\/td><td>BRZY R\u00c1NO TRANSFER NA LETI\u0160T\u011a ODLET ZE SL A N\u00c1VRAT DO PRAHY<\/td><\/tr><\/tbody><\/table><\/figure>\n\n\n\n<h2 class=\"wp-block-heading\">PODROBN\u00dd ITINER\u00c1\u0158 Z\u00c1JEZDU<\/h2>\n\n\n\n<ul id=\"g2n-faq-0d0ff481\" class=\"wp-block-g2n-faq list-group list-group-flush mb-5\">\n<li class=\"wp-block-g2n-faq-item list-group-item\"><a class=\"g2n-faq-link d-flex justify-content-between fs-5 font-heading py-2 collapsed\" data-bs-toggle=\"collapse\" data-bs-target=\"#g2n-faq-0d0ff481-den-1-odlet-z-prahy\" aria-expanded=\"false\"><span>DEN 1 ODLET Z PRAHY<\/span><i class=\"icon-faq\"><\/i><\/a><div class=\"collapse\" data-bs-parent=\"#g2n-faq-0d0ff481\" id=\"g2n-faq-0d0ff481-den-1-odlet-z-prahy\">\n<p class=\"wp-block-paragraph\">\u2192 let na Sr\u00ed Lanku<\/p>\n<\/div><\/li>\n\n\n\n<li class=\"wp-block-g2n-faq-item list-group-item\"><a class=\"g2n-faq-link d-flex justify-content-between fs-5 font-heading py-2 collapsed\" data-bs-toggle=\"collapse\" data-bs-target=\"#g2n-faq-0d0ff481-den-2-negombo-ubytovn-s-polopenz-v-negombu-1-noc-e\" aria-expanded=\"false\"><span>DEN 2 NEGOMBO \u2013 UBYTOV\u00c1N\u00cd S POLOPENZ\u00cd V NEGOMBU (1 NOC), \u010cESK\u00dd PR\u016eVODCE<\/span><i class=\"icon-faq\"><\/i><\/a><div class=\"collapse\" data-bs-parent=\"#g2n-faq-0d0ff481\" id=\"g2n-faq-0d0ff481-den-2-negombo-ubytovn-s-polopenz-v-negombu-1-noc-e\">\n<p class=\"wp-block-paragraph\">\u2192 p\u0159\u00edlet na Sr\u00ed Lanku<\/p>\n\n\n\n<p class=\"wp-block-paragraph\">Po p\u0159\u00edletu na Sr\u00ed Lanku v\u00e1s vyzvedne \u010desk\u00e1 pr\u016fvodkyne a p\u0159ejedete do hotelu v Negombu, kde v\u00e1s \u010dek\u00e1 odpo\u010dinek po letu.<\/p>\n<\/div><\/li>\n\n\n\n<li class=\"wp-block-g2n-faq-item list-group-item\"><a class=\"g2n-faq-link d-flex justify-content-between fs-5 font-heading py-2 collapsed\" data-bs-toggle=\"collapse\" data-bs-target=\"#g2n-faq-0d0ff481-den-3-dambulla-ubytovn-s-polopenz-v-oblasti-sigiri\" aria-expanded=\"false\"><span>DEN 3 DAMBULLA \u2013 UBYTOV\u00c1N\u00cd S POLOPENZ\u00cd V OBLASTI SIGIRIYA (1 NOC), \u010cESK\u00dd PR\u016eVODCE<\/span><i class=\"icon-faq\"><\/i><\/a><div class=\"collapse\" data-bs-parent=\"#g2n-faq-0d0ff481\" id=\"g2n-faq-0d0ff481-den-3-dambulla-ubytovn-s-polopenz-v-oblasti-sigiri\">\n<p class=\"wp-block-paragraph\">\u2192 jeskynn\u00ed chr\u00e1my Dambulla<br>Po sn\u00eddani se vyd\u00e1te do oblasti tzv. Kulturn\u00edho troj\u00faheln\u00edku, v n\u011bm\u017e se nach\u00e1z\u00ed nejv\u00fdznamn\u011bj\u0161\u00ed historick\u00e9 pam\u00e1tky Sr\u00ed Lanky (cca 3,5 hodiny j\u00edzdy).<br>V Dambulle si prohl\u00e9dnete jeskynn\u00ed chr\u00e1my zapsan\u00e9 na seznamu UNESCO. Jeskynn\u00ed chr\u00e1my jsou tvo\u0159eny p\u011bti malbami a sochami Buddhy zdoben\u00fdmi jeskyn\u011bmi se 150 zpodoben\u00edmi Buddhy. U vchodu m\u016f\u017eeme obdivovat 30 metr\u016f vysokou zlatou sochu Buddhy.<br>Odpoledne je mo\u017en\u00e1 proj\u00ed\u017e\u010fka po vesnici s ob\u011bdem nebo jeep safari za slony.<br>Ubytov\u00e1n\u00ed v hotelu v oblasti Sigiriya a relaxace.<\/p>\n<\/div><\/li>\n\n\n\n<li class=\"wp-block-g2n-faq-item list-group-item\"><a class=\"g2n-faq-link d-flex justify-content-between fs-5 font-heading py-2 collapsed\" data-bs-toggle=\"collapse\" data-bs-target=\"#g2n-faq-0d0ff481-den-4-sigiriya-kandy-ubytovn-s-polopenz-v-kandy-1-\" aria-expanded=\"false\"><span>DEN 4 SIGIRIYA, KANDY \u2013 UBYTOV\u00c1N\u00cd S POLOPENZ\u00cd V KANDY (1 NOC), \u010cESK\u00dd PR\u016eVODCE<\/span><i class=\"icon-faq\"><\/i><\/a><div class=\"collapse\" data-bs-parent=\"#g2n-faq-0d0ff481\" id=\"g2n-faq-0d0ff481-den-4-sigiriya-kandy-ubytovn-s-polopenz-v-kandy-1-\">\n<p class=\"wp-block-paragraph\">\u2192 skaln\u00ed pevnost Sigiriya \u2192 zahrada ko\u0159en\u00ed \u2192 kandyjsk\u00e9 tance \u2192 Chr\u00e1m Buddhova zubu<br>Tento den V\u00e1s \u010dek\u00e1 jedna z nejv\u011bt\u0161\u00edch pozoruhodnost\u00ed Sr\u00ed Lanky &#8211; skaln\u00ed pevnost Sigiriya (UNESCO) se zbytky os\u00eddlen\u00ed na vrcholu. \u00dadajn\u011b zde st\u00e1val pal\u00e1c kr\u00e1le Kassapy. 200 metr\u016f vysok\u00e1 sk\u00e1la se zved\u00e1 z jinak rovinat\u00e9 krajiny. Na jej\u00ed vrchol vystoup\u00e1te po \u017eelezn\u00fdch schodi\u0161t\u00edch. Pevnost je obklopen\u00e1 symetrick\u00fdmi vodn\u00edmi a terasovit\u00fdmi zahradami. Z vnit\u0159n\u00edch zahrad je archeology zat\u00edm odkryt\u00e1 jen jejich prav\u00e1 \u010d\u00e1st. Cestou k vrcholu m\u016f\u017eete obdivovat starod\u00e1vn\u00e9 skaln\u00ed fresky nebesk\u00fdch panen bujn\u00fdch tvar\u016f. Vchod do pevnosti hl\u00eddal obrovsk\u00fd lev vytesan\u00fd do sk\u00e1ly, z n\u011bho\u017e se dochovaly u\u017e jen tlapy.<br>Vezm\u011bte si s sebou dostate\u010dn\u00e9 mno\u017estv\u00ed vody, v\u00fdstup a sestup zabere dohromady 2 hodiny a jin\u00e1 mo\u017enost ob\u010derstven\u00ed p\u0159i prohl\u00eddce nen\u00ed.<\/p>\n\n\n\n<p class=\"wp-block-paragraph\">Cestou do historicky t\u0159et\u00edho a posledn\u00edho kr\u00e1lovsk\u00e9ho m\u011bsta, Kandy, se zastav\u00edte v zahrad\u011b ko\u0159en\u00ed, kde uvid\u00edte, jak se p\u011bstuje sko\u0159ice, vanilka, kardamon, pep\u0159 a dal\u0161\u00ed druhy exotick\u00e9ho ko\u0159en\u00ed.<br>V Kandy V\u00e1m kandyj\u0161t\u00ed tane\u010dn\u00edci v pestrobarevn\u00fdch kroj\u00edch p\u0159edvedou r\u016fzn\u00e9 typy n\u00e1rodn\u00edch tanc\u016f, kter\u00e9 se p\u0159i oslav\u00e1ch a vym\u00fdt\u00e1n\u00ed \u010f\u00e1bla pou\u017e\u00edvaj\u00ed dodnes. Sou\u010d\u00e1st\u00ed tanc\u016f je i p\u0159edveden\u00ed ch\u016fze po \u017ehav\u00e9m uhl\u00ed. Den zakon\u010d\u00edte prohl\u00eddkou unik\u00e1tn\u00edho Chr\u00e1m Buddhova zubu, v n\u011bm\u017e je uchov\u00e1v\u00e1na nejposv\u00e1tn\u011bj\u0161\u00ed relikvie Sr\u00ed Lanky, Buddh\u016fv zub. Komnata se zlatou schr\u00e1nkou se otev\u00edr\u00e1 pouze 2x denn\u011b na p\u016fl hodiny. V zast\u0159e\u0161en\u00e9m alt\u00e1nu na n\u00e1dvo\u0159\u00ed bylo v roce 1815 podeps\u00e1no postoupen\u00ed Sr\u00ed Lanky vl\u00e1d\u011b Velk\u00e9 Brit\u00e1nie.<br>Ubytov\u00e1n\u00ed v Kandy.<\/p>\n<\/div><\/li>\n\n\n\n<li class=\"wp-block-g2n-faq-item list-group-item\"><a class=\"g2n-faq-link d-flex justify-content-between fs-5 font-heading py-2 collapsed\" data-bs-toggle=\"collapse\" data-bs-target=\"#g2n-faq-0d0ff481-den-5-pejezd-na-pl-ubytovn-s-polopenz-na-pli-11-no\" aria-expanded=\"false\"><span>DEN 5 P\u0158EJEZD NA PL\u00c1\u017d \u2013 UBYTOV\u00c1N\u00cd S POLOPENZ\u00cd NA PL\u00c1\u017dI (11 NOC\u00cd), \u010cESK\u00dd PR\u016eVODCE<\/span><i class=\"icon-faq\"><\/i><\/a><div class=\"collapse\" data-bs-parent=\"#g2n-faq-0d0ff481\" id=\"g2n-faq-0d0ff481-den-5-pejezd-na-pl-ubytovn-s-polopenz-na-pli-11-no\">\n<p class=\"wp-block-paragraph\">\u2192 tov\u00e1rna na zpracov\u00e1n\u00ed \u010daje \u2192 slon\u00ed nadace\/ sirot\u010dinec<br>Z Kandy se vyd\u00e1te sm\u011brem k jihoz\u00e1padn\u00edmu pob\u0159e\u017e\u00ed Sr\u00ed Lanky. Cestou nav\u0161t\u00edv\u00edte tradi\u010dn\u00ed \u010dajovou tov\u00e1rnu, kde se sezn\u00e1m\u00edte s cel\u00fdm procesem v\u00fdroby slavn\u00e9ho cejlonsk\u00e9ho \u010daje \u2013 od sb\u011bru \u010dajov\u00fdch l\u00edstk\u016f a\u017e po fin\u00e1ln\u00ed balen\u00ed. Sou\u010d\u00e1st\u00ed prohl\u00eddky je tak\u00e9 ochutn\u00e1vka n\u011bkolika druh\u016f \u010daj\u016f. Sr\u00ed Lanka pat\u0159\u00ed mezi nejv\u011bt\u0161\u00ed producenty kvalitn\u00edho \u010daje na sv\u011bt\u011b a n\u00e1v\u0161t\u011bva tov\u00e1rny nab\u00edz\u00ed zaj\u00edmav\u00fd pohled do t\u00e9to v\u00fdznamn\u00e9 sou\u010d\u00e1sti m\u00edstn\u00ed kultury.<br>N\u00e1sledn\u011b budete pokra\u010dovat do oblasti Kegalle, kde nav\u0161t\u00edv\u00edte Millennium Elephant Foundation \u2013 centrum zam\u011b\u0159en\u00e9 na p\u00e9\u010di o a ochranu slon\u016f. Zde budete m\u00edt jedine\u010dnou mo\u017enost pozorovat slony zbl\u00edzka a z\u00fa\u010dastnit se jejich ka\u017edodenn\u00ed koupele v \u0159ece.<br>Po n\u00e1v\u0161t\u011bv\u011b nadace budete pokra\u010dovat do p\u0159\u00edmo\u0159sk\u00e9ho letoviska Bentota. Po p\u0159\u00edjezdu n\u00e1sleduje ubytov\u00e1n\u00ed v hotelu a voln\u00fd \u010das k odpo\u010dinku na dlouh\u00fdch p\u00edse\u010dn\u00fdch pl\u00e1\u017e\u00edch Indick\u00e9ho oce\u00e1nu.<\/p>\n<\/div><\/li>\n\n\n\n<li class=\"wp-block-g2n-faq-item list-group-item\"><a class=\"g2n-faq-link d-flex justify-content-between fs-5 font-heading py-2 collapsed\" data-bs-toggle=\"collapse\" data-bs-target=\"#g2n-faq-0d0ff481-den-6-10-relaxace-na-pli-ubytovn-s-polopenz\" aria-expanded=\"false\"><span>DEN 6-10 RELAXACE NA PL\u00c1\u017dI \u2013 UBYTOV\u00c1N\u00cd S POLOPENZ\u00cd<\/span><i class=\"icon-faq\"><\/i><\/a><div class=\"collapse\" data-bs-parent=\"#g2n-faq-0d0ff481\" id=\"g2n-faq-0d0ff481-den-6-10-relaxace-na-pli-ubytovn-s-polopenz\">\n<p class=\"wp-block-paragraph\">Odpo\u010dinek na pl\u00e1\u017ei z\u00e1padn\u00edho pob\u0159e\u017e\u00ed s mo\u017enost\u00ed fakultativn\u00edch v\u00fdlet\u016f po okol\u00ed. Pr\u016fvodce na telefonu.<\/p>\n<\/div><\/li>\n\n\n\n<li class=\"wp-block-g2n-faq-item list-group-item\"><a class=\"g2n-faq-link d-flex justify-content-between fs-5 font-heading py-2 collapsed\" data-bs-toggle=\"collapse\" data-bs-target=\"#g2n-faq-0d0ff481-den-11-galle-ubytovn-s-polopenz-na-pli-esk-prvodce\" aria-expanded=\"false\"><span>DEN 11 GALLE \u2013 UBYTOV\u00c1N\u00cd S POLOPENZ\u00cd NA PL\u00c1\u017dI, \u010cESK\u00dd PR\u016eVODCE<\/span><i class=\"icon-faq\"><\/i><\/a><div class=\"collapse\" data-bs-parent=\"#g2n-faq-0d0ff481\" id=\"g2n-faq-0d0ff481-den-11-galle-ubytovn-s-polopenz-na-pli-esk-prvodce\">\n<p class=\"wp-block-paragraph\">\u2192 koloni\u00e1ln\u00ed m\u011bsto Galle \u2192 \u017eelv\u00ed l\u00edhn\u011b<\/p>\n\n\n\n<p class=\"wp-block-paragraph\">Dopoledne se vyd\u00e1te na v\u00fdlet po jihoz\u00e1padn\u00edm pob\u0159e\u017e\u00ed Sr\u00ed Lanky. Nejprve nav\u0161t\u00edv\u00edte historick\u00e9 m\u011bsto Galle, jeho\u017e starobyl\u00e1 pevnost a koloni\u00e1ln\u00ed centrum jsou zaps\u00e1ny na seznamu UNESCO. B\u011bhem<\/p>\n\n\n\n<p class=\"wp-block-paragraph\">proch\u00e1zky po mohutn\u00fdch hradb\u00e1ch a malebn\u00fdch uli\u010dk\u00e1ch pozn\u00e1te jedine\u010dnou atmosf\u00e9ru jednoho z nejl\u00e9pe zachovan\u00fdch koloni\u00e1ln\u00edch m\u011bst v Asii.<\/p>\n\n\n\n<p class=\"wp-block-paragraph\">N\u00e1sledovat bude n\u00e1v\u0161t\u011bva z\u00e1chrann\u00e9 stanice mo\u0159sk\u00fdch \u017eelv, kter\u00e1 se zam\u011b\u0159uje na ochranu a z\u00e1chranu ohro\u017een\u00fdch druh\u016f. Dozv\u00edte se v\u00edce o \u017eivot\u011b t\u011bchto fascinuj\u00edc\u00edch \u017eivo\u010dich\u016f a o snaze chr\u00e1nit jejich populaci na sr\u00edlansk\u00e9m pob\u0159e\u017e\u00ed.<\/p>\n\n\n\n<p class=\"wp-block-paragraph\">Sou\u010d\u00e1st\u00ed programu je tak\u00e9 n\u00e1v\u0161t\u011bva tov\u00e1rny na v\u00fdrobu bavln\u011bn\u00fdch textili\u00ed, kde nahl\u00e9dnete do procesu v\u00fdroby a zpracov\u00e1n\u00ed bavlny, kter\u00e1 pat\u0159\u00ed mezi v\u00fdznamn\u00e9 exportn\u00ed produkty Sr\u00ed Lanky.<\/p>\n\n\n\n<p class=\"wp-block-paragraph\">Po skon\u010den\u00ed programu n\u00e1vrat do hotelu v Bentot\u011b. Zbytek dne m\u016f\u017eete str\u00e1vit odpo\u010dinkem na pl\u00e1\u017ei nebo vyu\u017e\u00edt hotelov\u00e9 z\u00e1zem\u00ed. Ve\u010de\u0159e a nocleh v hotelu.<\/p>\n<\/div><\/li>\n\n\n\n<li class=\"wp-block-g2n-faq-item list-group-item\"><a class=\"g2n-faq-link d-flex justify-content-between fs-5 font-heading py-2 collapsed\" data-bs-toggle=\"collapse\" data-bs-target=\"#g2n-faq-0d0ff481-den-12-15-relaxace-na-pli-ubytovn-s-polopenz\" aria-expanded=\"false\"><span>DEN 12-15 RELAXACE NA PL\u00c1\u017dI \u2013 UBYTOV\u00c1N\u00cd S POLOPENZ\u00cd<\/span><i class=\"icon-faq\"><\/i><\/a><div class=\"collapse\" data-bs-parent=\"#g2n-faq-0d0ff481\" id=\"g2n-faq-0d0ff481-den-12-15-relaxace-na-pli-ubytovn-s-polopenz\">\n<p class=\"wp-block-paragraph\">Odpo\u010dinek na pl\u00e1\u017ei z\u00e1padn\u00edho pob\u0159e\u017e\u00ed s mo\u017enost\u00ed fakultativn\u00edch v\u00fdlet\u016f po okol\u00ed. Pr\u016fvodce na telefonu.<\/p>\n<\/div><\/li>\n\n\n\n<li class=\"wp-block-g2n-faq-item list-group-item\"><a class=\"g2n-faq-link d-flex justify-content-between fs-5 font-heading py-2 collapsed\" data-bs-toggle=\"collapse\" data-bs-target=\"#g2n-faq-0d0ff481-den-16-odlet-ze-sr-lanky-a-nvrat-do-prahy\" aria-expanded=\"false\"><span>DEN 16 ODLET ZE SR\u00cd LANKY A N\u00c1VRAT DO PRAHY<\/span><i class=\"icon-faq\"><\/i><\/a><div class=\"collapse\" data-bs-parent=\"#g2n-faq-0d0ff481\" id=\"g2n-faq-0d0ff481-den-16-odlet-ze-sr-lanky-a-nvrat-do-prahy\">\n<p class=\"wp-block-paragraph\">V cca 2:00h transfer na leti\u0161t\u011b a odlet a n\u00e1vrat ze Sr\u00ed Lanky ve stejn\u00fd den.<\/p>\n<\/div><\/li>\n<\/ul>\n\n\n\n<h2 class=\"wp-block-heading\">CELKOV\u00c1 CENA Z\u00c1JEZDU 64.000 K\u010d\/os.<\/h2>\n\n\n\n<p class=\"wp-block-paragraph\"><strong>P\u0159\u00edplatek za jednol\u016f\u017ekov\u00fd pokoj je 15.000 K\u010d\/os.\/cel\u00fd z\u00e1jezd<\/strong><\/p>\n\n\n\n<p class=\"wp-block-paragraph\">HOTELI (dle programu)<\/p>\n\n\n\n<ul class=\"wp-block-list mb-5\">\n<li>NEGOMBO: CAMELOT BEACH HOTEL <a href=\"https:\/\/camelotbeach.hotelsnegombo.com\/en\/\" target=\"_blank\" rel=\"noopener\">https:\/\/camelotbeach.hotelsnegombo.com\/en\/<\/a><\/li>\n\n\n\n<li>SIGIRIJA: EKHO SIGIRIYA <a href=\"https:\/\/ekhohotels.com\/ekhosigiriya\/\" target=\"_blank\" rel=\"noopener\">https:\/\/ekhohotels.com\/ekhosigiriya\/<\/a><\/li>\n\n\n\n<li>KANDI: THILANKA KANDY BEACH HOTEL <a href=\"https:\/\/thilankahotel.com-srilanka.com\/tl\/\" target=\"_blank\" rel=\"noopener\">https:\/\/thilankahotel.com-srilanka.com\/tl\/<\/a><\/li>\n\n\n\n<li>Hotel na pla\u017ei: THE PALMS BERUWALA <a href=\"https:\/\/fortresorts.lk\/palms-beruwala\/\" target=\"_blank\" rel=\"noopener\">https:\/\/fortresorts.lk\/palms-beruwala\/<\/a><\/li>\n\n\n\n<li>nebo EKHO SURF BENTOTA <a href=\"https:\/\/ekhohotels.com\/ekhosurf\/gallery\/\" target=\"_blank\" rel=\"noopener\">https:\/\/ekhohotels.com\/ekhosurf\/gallery\/<\/a><\/li>\n<\/ul>\n\n\n\n<div class=\"row\">\n<div class=\"col-lg-6\">\n<h2 class=\"wp-block-heading\">CENA OBSAHUJE:<\/h2>\n\n\n\n<p class=\"wp-block-paragraph\"><strong>UBYTOV\u00c1N\u00cd &#8211; POKOJE S VLASTN\u00cdM SOCI\u00c1LN\u00cdM ZA\u0158\u00cdZEN\u00cdM<\/strong><\/p>\n\n\n\n<p class=\"wp-block-paragraph\">\u2192 14x s polopenz\u00ed<\/p>\n\n\n\n<p class=\"wp-block-paragraph\"><strong>DOPRAVA<\/strong><\/p>\n\n\n\n<p class=\"wp-block-paragraph\">\u2192 mezin\u00e1rodn\u00ed letenka Praha \u2013 Colombo \u2013 Praha<\/p>\n\n\n\n<p class=\"wp-block-paragraph\">\u2192 pozemn\u00ed doprava po celou dobu z\u00e1jezdu na Sr\u00ed Lance dle itiner\u00e1\u0159e<\/p>\n\n\n\n<p class=\"wp-block-paragraph\">\u2192 transfer na leti\u0161t\u011b p\u0159i odletu<\/p>\n\n\n\n<p class=\"wp-block-paragraph\"><strong>SLU\u017dBY \u010cESKY HOVO\u0158\u00cdC\u00cdHO PR\u016eVODCE<\/strong><\/p>\n\n\n\n<p class=\"wp-block-paragraph\">\u2192 pr\u016fvodce dle itiner\u00e1\u0159e<\/p>\n\n\n\n<p class=\"wp-block-paragraph\">\u2192 asistence pr\u016fvodce po telefonu po dobu pobytu na pl\u00e1\u017ei<\/p>\n\n\n\n<p class=\"wp-block-paragraph\"><strong>V\u00cdZUM NA SR\u00cd LANKU<\/strong><\/p>\n\n\n\n<p class=\"wp-block-paragraph\">\u2192 v\u00edzum na Sr\u00ed Lanku zdarma pro ob\u010dany \u010cR<\/p>\n\n\n\n<p class=\"mb-5 wp-block-paragraph\"><strong>ORGANIZACE Z\u00c1JEZDU Z\u00c1KONN\u00c9 POJI\u0160T\u011aN\u00cd CK PROTI \u00daPADKU DLE Z\u00c1KONA \u010c.159\/99 SB.<\/strong><\/p>\n<\/div>\n\n\n\n<div class=\"col-lg-6\">\n<h2 class=\"wp-block-heading\">CENA NEOBSAHUJE:<\/h2>\n\n\n\n<p class=\"wp-block-paragraph\"><strong>VSTUPN\u00c9 NA SAFARI A PAM\u00c1TKY (cca 110 USD)<\/strong><\/p>\n\n\n\n<p class=\"wp-block-paragraph\">\u2192 orienta\u010dn\u00ed ceny vstup\u016f (dle programu):<\/p>\n\n\n\n<p class=\"wp-block-paragraph\">Village tour: 25 USD\/os. safari Minneriya cca 60 USD\/os. Sigiriya: 35 USD\/os.<\/p>\n\n\n\n<p class=\"wp-block-paragraph\">Chr\u00e1m Buddhova zubu v Kandy: 10 USD\/os.<\/p>\n\n\n\n<p class=\"wp-block-paragraph\">kr\u00e1lovsk\u00e1 botanick\u00e1 zahrada u Kandy: 10 USD\/os.<\/p>\n\n\n\n<p class=\"wp-block-paragraph\">jeskynn\u00ed chr\u00e1my Dambulla: 10 USD\/os.<\/p>\n\n\n\n<p class=\"wp-block-paragraph\">kandyjsk\u00e9 tance: 8 USD\/os., \u010dajov\u00e9 tov\u00e1rny: cca 2 USD\/os. Millenium elephants: 20 USD\/os.<\/p>\n\n\n\n<p class=\"wp-block-paragraph\">\u017delv\u00ed l\u00edhn\u011b: 5 USD\/os.<\/p>\n\n\n\n<p class=\"wp-block-paragraph\"><strong>CESTOVN\u00cd POJI\u0160T\u011aN\u00cd, POJI\u0160T\u011aN\u00cd STORNA LETENKY A Z\u00c1JEZDU ZE ZDRAVOTN\u00cdCH D\u016eVOD\u016e<\/strong><\/p>\n\n\n\n<p class=\"mb-5 wp-block-paragraph\"><strong>V\u00ddUKA PAN\u00cd MICIC \u2013 BUDE ZAPLACENO M\u011aS\u00cdC P\u0158ED ODLETEM 3500 K\u010c\/OS. P\u0158\u00cdMO NA \u00da\u010cET P.MICIC (\u00fa\u010dastnici v&nbsp;\u010das dostanu \u010d\u00edslo u\u010dtu)<\/strong><\/p>\n<\/div>\n<\/div>\n\n\n\n<h2 class=\"wp-block-heading\">Videa z p\u0159edchoz\u00edch cest:<\/h2>\n\n\n\n<div class=\"row\">\n<div class=\"col-lg-6\">\n<figure class=\"wp-block-embed is-type-video is-provider-youtube wp-block-embed-youtube wp-embed-aspect-16-9 wp-has-aspect-ratio\"><div class=\"wp-block-embed__wrapper\">\n<iframe loading=\"lazy\" title=\"Rozhovor s Ru\u017eenou Be\u010dkovou o kr\u00e1s\u00e1ch Sr\u00ed Lanky\" width=\"500\" height=\"281\" src=\"https:\/\/www.youtube.com\/embed\/_rvX7Hb86B8?feature=oembed\" frameborder=\"0\" allow=\"accelerometer; autoplay; clipboard-write; encrypted-media; gyroscope; picture-in-picture; web-share\" referrerpolicy=\"strict-origin-when-cross-origin\" allowfullscreen><\/iframe>\n<\/div><\/figure>\n<\/div>\n\n\n\n<div class=\"col-lg-6\">\n<figure class=\"wp-block-embed is-type-video is-provider-youtube wp-block-embed-youtube wp-embed-aspect-16-9 wp-has-aspect-ratio\"><div class=\"wp-block-embed__wrapper\">\n<iframe loading=\"lazy\" title=\"Sr\u00ed Lanka 2024 - rozhovor s \u00fa\u010dastn\u00edky cesty\" width=\"500\" height=\"281\" src=\"https:\/\/www.youtube.com\/embed\/5UM5fXe60dY?feature=oembed\" frameborder=\"0\" allow=\"accelerometer; autoplay; clipboard-write; encrypted-media; gyroscope; picture-in-picture; web-share\" referrerpolicy=\"strict-origin-when-cross-origin\" allowfullscreen><\/iframe>\n<\/div><\/figure>\n<\/div>\n\n\n\n<div class=\"col-lg-6\">\n<figure class=\"wp-block-embed is-type-video is-provider-youtube wp-block-embed-youtube wp-embed-aspect-16-9 wp-has-aspect-ratio\"><div class=\"wp-block-embed__wrapper\">\n<iframe loading=\"lazy\" title=\"Sr\u00ed Lanka 2025 - rozhovor s \u00fa\u010dastn\u00edkmi z\u00e1jazdu\" width=\"500\" height=\"281\" src=\"https:\/\/www.youtube.com\/embed\/Uc6ZVW-PDyU?feature=oembed\" frameborder=\"0\" allow=\"accelerometer; autoplay; clipboard-write; encrypted-media; gyroscope; picture-in-picture; web-share\" referrerpolicy=\"strict-origin-when-cross-origin\" allowfullscreen><\/iframe>\n<\/div><\/figure>\n<\/div>\n\n\n\n<div class=\"col-lg-6\">\n<figure class=\"wp-block-embed is-type-video is-provider-youtube wp-block-embed-youtube wp-embed-aspect-16-9 wp-has-aspect-ratio\"><div class=\"wp-block-embed__wrapper\">\n<iframe loading=\"lazy\" title=\"O Bali a dalek\u00fdch cest\u00e1ch\" width=\"500\" height=\"281\" src=\"https:\/\/www.youtube.com\/embed\/NmnghDxQCjg?feature=oembed\" frameborder=\"0\" allow=\"accelerometer; autoplay; clipboard-write; encrypted-media; gyroscope; picture-in-picture; web-share\" referrerpolicy=\"strict-origin-when-cross-origin\" allowfullscreen><\/iframe>\n<\/div><\/figure>\n<\/div>\n<\/div>\n","protected":false},"excerpt":{"rendered":"<p>Pro rok 2027 jsem pro v\u00e1s se spolupracovn\u00edky p\u0159ipravila nab\u00eddku na z\u00e1jezd na Sr\u00ed Lanku. Nab\u00eddka je z\u00e1jezd v d\u00e9lce 16 dn\u00ed \/ 14 noc\u00ed, kter\u00fd je kombinac\u00ed \u010dty\u0159denn\u00edho turistick\u00e9ho cestovan\u00ed po ostrov\u011b a desetidenn\u00edho pobytu na oce\u00e1nu, s jedn\u00edm celodenn\u00edm v\u00fdletem pl\u00e1novan\u00fdm b\u011bhem pobytu na oce\u00e1nu. <\/p>\n","protected":false},"featured_media":18613,"template":"","meta":{"_acf_changed":false,"_symth_title_hidden":false,"footnotes":""},"eventype":[277],"class_list":["post-18606","event","type-event","status-publish","has-post-thumbnail","hentry"],"acf":[],"_links":{"self":[{"href":"https:\/\/symbolicthinking.net\/cs\/wp-json\/wp\/v2\/event\/18606","targetHints":{"allow":["GET"]}}],"collection":[{"href":"https:\/\/symbolicthinking.net\/cs\/wp-json\/wp\/v2\/event"}],"about":[{"href":"https:\/\/symbolicthinking.net\/cs\/wp-json\/wp\/v2\/types\/event"}],"version-history":[{"count":8,"href":"https:\/\/symbolicthinking.net\/cs\/wp-json\/wp\/v2\/event\/18606\/revisions"}],"predecessor-version":[{"id":18623,"href":"https:\/\/symbolicthinking.net\/cs\/wp-json\/wp\/v2\/event\/18606\/revisions\/18623"}],"wp:featuredmedia":[{"embeddable":true,"href":"https:\/\/symbolicthinking.net\/cs\/wp-json\/wp\/v2\/media\/18613"}],"wp:attachment":[{"href":"https:\/\/symbolicthinking.net\/cs\/wp-json\/wp\/v2\/media?parent=18606"}],"wp:term":[{"taxonomy":"eventype","embeddable":true,"href":"https:\/\/symbolicthinking.net\/cs\/wp-json\/wp\/v2\/eventype?post=18606"}],"curies":[{"name":"wp","href":"https:\/\/api.w.org\/{rel}","templated":true}]}}